{"id":2248,"date":"2025-04-30T07:53:35","date_gmt":"2025-04-30T05:53:35","guid":{"rendered":"http:\/\/158.129.51.247:8888\/?page_id=2248"},"modified":"2025-12-12T11:36:07","modified_gmt":"2025-12-12T09:36:07","slug":"clarin-lt","status":"publish","type":"page","link":"https:\/\/clarin-lt.lt\/?page_id=2248","title":{"rendered":"CLARIN-LT renginiai"},"content":{"rendered":"\n<div class=\"wp-block-media-text alignwide has-media-on-the-right is-stacked-on-mobile\" style=\"grid-template-columns:auto 46%\"><figure class=\"wp-block-media-text__media\"><img loading=\"lazy\" decoding=\"async\" width=\"1024\" height=\"858\" src=\"https:\/\/clarin-lt.lt\/wp-content\/uploads\/2025\/11\/Brown-Simple-Give-Away-Facebook-Post-8-1024x858.jpg\" alt=\"\" class=\"wp-image-3207 size-full\" srcset=\"https:\/\/clarin-lt.lt\/wp-content\/uploads\/2025\/11\/Brown-Simple-Give-Away-Facebook-Post-8-1024x858.jpg 1024w, https:\/\/clarin-lt.lt\/wp-content\/uploads\/2025\/11\/Brown-Simple-Give-Away-Facebook-Post-8-300x251.jpg 300w, https:\/\/clarin-lt.lt\/wp-content\/uploads\/2025\/11\/Brown-Simple-Give-Away-Facebook-Post-8-768x644.jpg 768w, https:\/\/clarin-lt.lt\/wp-content\/uploads\/2025\/11\/Brown-Simple-Give-Away-Facebook-Post-8-1536x1288.jpg 1536w, https:\/\/clarin-lt.lt\/wp-content\/uploads\/2025\/11\/Brown-Simple-Give-Away-Facebook-Post-8-100x84.jpg 100w, https:\/\/clarin-lt.lt\/wp-content\/uploads\/2025\/11\/Brown-Simple-Give-Away-Facebook-Post-8-150x126.jpg 150w, https:\/\/clarin-lt.lt\/wp-content\/uploads\/2025\/11\/Brown-Simple-Give-Away-Facebook-Post-8-200x168.jpg 200w, https:\/\/clarin-lt.lt\/wp-content\/uploads\/2025\/11\/Brown-Simple-Give-Away-Facebook-Post-8-450x377.jpg 450w, https:\/\/clarin-lt.lt\/wp-content\/uploads\/2025\/11\/Brown-Simple-Give-Away-Facebook-Post-8-600x503.jpg 600w, https:\/\/clarin-lt.lt\/wp-content\/uploads\/2025\/11\/Brown-Simple-Give-Away-Facebook-Post-8-900x754.jpg 900w, https:\/\/clarin-lt.lt\/wp-content\/uploads\/2025\/11\/Brown-Simple-Give-Away-Facebook-Post-8.jpg 1880w\" sizes=\"auto, (max-width: 1024px) 100vw, 1024px\" \/><\/figure><div class=\"wp-block-media-text__content\">\n<h2 class=\"wp-block-heading\"><em><strong><strong><em>CLARIN-LT metinis seminaras: kalbos technologijos, i\u0161tekliai, tyrimai<\/em><\/strong><\/strong><\/em>   <\/h2>\n\n\n\n<p> <strong>Seminaro organizatoriai:<\/strong> <a rel=\"noreferrer noopener\" href=\"https:\/\/clarin-lt.lt\/\" target=\"_blank\">CLARIN-LT<\/a> konsorciumas <\/p>\n\n\n\n<p><strong>Seminaro data: 2025 m. gruod\u017eio 10 d. 11:00 val<\/strong>.<\/p>\n\n\n\n<p><strong>Vieta: <\/strong>V. Putvinskio g. 23-312, Kaunas<\/p>\n\n\n\n<p><strong>Negalintys atvykti, prane\u0161im\u0173 gal\u0117s klausytis \u0161ia <a href=\"https:\/\/teams.microsoft.com\/dl\/launcher\/launcher.html?url=%2F_%23%2Fl%2Fmeetup-join%2F19%3Ameeting_MjY5YWFmM2ItMmFlYS00ODI2LTg0MGUtZjY2NWNlNzVlNzJm%40thread.v2%2F0%3Fcontext%3D%257b%2522Tid%2522%253a%252210701389-4f5b-4078-baea-209e39c6210e%2522%252c%2522Oid%2522%253a%2522df0bc540-bce3-4912-a641-97446d09ffbb%2522%257d%26anon%3Dtrue&amp;type=meetup-join&amp;deeplinkId=88290ccd-5825-4711-b48c-e426ed2843b2&amp;directDl=true&amp;msLaunch=true&amp;enableMobilePage=true&amp;suppressPrompt=true\" data-type=\"URL\" data-id=\"https:\/\/teams.microsoft.com\/dl\/launcher\/launcher.html?url=%2F_%23%2Fl%2Fmeetup-join%2F19%3Ameeting_MjY5YWFmM2ItMmFlYS00ODI2LTg0MGUtZjY2NWNlNzVlNzJm%40thread.v2%2F0%3Fcontext%3D%257b%2522Tid%2522%253a%252210701389-4f5b-4078-baea-209e39c6210e%2522%252c%2522Oid%2522%253a%2522df0bc540-bce3-4912-a641-97446d09ffbb%2522%257d%26anon%3Dtrue&amp;type=meetup-join&amp;deeplinkId=88290ccd-5825-4711-b48c-e426ed2843b2&amp;directDl=true&amp;msLaunch=true&amp;enableMobilePage=true&amp;suppressPrompt=true\">nuoroda<\/a><\/strong><\/p>\n\n\n\n<p><strong>Registruokit\u0117s \u012f rengin\u012f<\/strong> <strong>paspaud\u0119 <a href=\"https:\/\/forms.gle\/QSfpodAAh6WgG5cG9\" data-type=\"URL\" data-id=\"https:\/\/forms.gle\/QSfpodAAh6WgG5cG9\">\u010dia<\/a>. <\/strong><\/p>\n<\/div><\/div>\n\n\n\n<p>Seminaro tikslas \u2013 stiprinti bendradarbiavim\u0105 tarp tyr\u0117j\u0173 ir institucij\u0173, naudojan\u010di\u0173 CLARIN-LT infrastrukt\u016br\u0105, dalytis patirtimi ir pristatyti naujus kalbos i\u0161teklius bei tyrimus. Siekiama skatinti atviros prieigos i\u0161tekli\u0173 taikym\u0105 ir perpanaudojim\u0105 moksliniuose tyrimuose ir \u0161vietime.<\/p>\n\n\n\n<h2 class=\"wp-block-heading\">SEMINARO PROGRAMA <\/h2>\n\n\n\n<p><strong>Moderuoja: <\/strong>Jolanta Kovalevskait\u0117 (VDU, SITTI)<\/p>\n\n\n\n<p><strong><strong>11:00<\/strong>\u2013<strong>11:20<\/strong><\/strong> <strong>Lietuvi\u0173 kalbos i\u0161tekliai: \u017evelgiant i\u0161 CLARIN-LT perspektyvos<\/strong> <a href=\"https:\/\/clarin-lt.lt\/wp-content\/uploads\/2025\/12\/A_Utka_CLARIN-seminaras-2025.pdf\" data-type=\"URL\" data-id=\"https:\/\/clarin-lt.lt\/wp-content\/uploads\/2025\/12\/A_Utka_CLARIN-seminaras-2025.pdf\">PDF<\/a><\/p>\n\n\n\n<p>Andrius Utka<strong>&nbsp;<\/strong> (VDU, SITTI)&nbsp;&nbsp;<\/p>\n\n\n\n<p><strong>11:20\u201311:40<\/strong> <strong>Tekstyn\u0173 duomenys kaip apibendrintos kalbos vartotojo patirties indikacija: kurie tekstynai veikia geriausiai?<\/strong> <a href=\"https:\/\/clarin-lt.lt\/wp-content\/uploads\/2025\/12\/CLARIN-LT-seminaras-2025.-Vilkaite-Lozdiene.-Tekstynu-duomenys-kaip-apibendrintos-kalbos-vartotojo-patirties-indikacija_Kurie-tekstynai-veikia-geriausiai.pdf\">PDF<\/a><\/p>\n\n\n\n<p>Laura Vilkait\u0117-Lozdien\u0117 (VU)<\/p>\n\n\n\n<p><strong>11:40\u201312:00<\/strong> <strong>Tekstyno lemavimas ir \u017eod\u017ei\u0173 darybos tyrimai<\/strong> <a href=\"https:\/\/clarin-lt.lt\/wp-content\/uploads\/2025\/12\/CLARIN-LT-seminaras-2025.-Pakerys-Dadurkevic\u030cius.-Tekstyno-lemavimas-ir-z\u030codz\u030ciu\u0328-daryba.pdf\" data-type=\"URL\" data-id=\"https:\/\/clarin-lt.lt\/wp-content\/uploads\/2025\/12\/CLARIN-LT-seminaras-2025.-Pakerys-Dadurkevic\u030cius.-Tekstyno-lemavimas-ir-z\u030codz\u030ciu\u0328-daryba.pdf\">PDF<\/a><\/p>\n\n\n\n<p>Jurgis Pakerys (VU), Virginijus Dadurkevi\u010dius<strong> <\/strong>(VDU, SITTI)<\/p>\n\n\n\n<p><strong>12:00\u201312:20<\/strong> <strong>Lietuvi\u0173 kalbos b\u016bdvardin\u0117s reik\u0161m\u0117s dalyvi\u0173 morfologinio anotavimo ypatumai<\/strong> <a href=\"https:\/\/clarin-lt.lt\/wp-content\/uploads\/2025\/12\/CLARIN-LT-seminaras-2025.-Rimkute-Jancaite-Skarbale.-Lietuviu-kalbos-budvardines-reiksmes-dalyviu-morfologinio-anotavimo-ypatumai.pdf\" data-type=\"URL\" data-id=\"https:\/\/clarin-lt.lt\/wp-content\/uploads\/2025\/12\/CLARIN-LT-seminaras-2025.-Rimkute-Jancaite-Skarbale.-Lietuviu-kalbos-budvardines-reiksmes-dalyviu-morfologinio-anotavimo-ypatumai.pdf\">PDF<\/a><\/p>\n\n\n\n<p>Erika Rimkut\u0117<strong> <\/strong>(VDU, SITTI), Laima Jancait\u0117-Skarbal\u0117<strong> <\/strong>(VDU, SITTI)<\/p>\n\n\n\n<p><strong>12:20\u201312:40<\/strong> <strong>LITUND: lietuvi\u0173 kalbos tekstynas nepatikim\u0173 naujien\u0173 atpa\u017einimui<\/strong> <a href=\"https:\/\/clarin-lt.lt\/wp-content\/uploads\/2025\/12\/CLARIN-LT-seminaras-2025.-Dambrauskas.-LITUND.-Lietuviu-kalbos-tekstynas-nepatikimu-naujienu-atpazinimui.pdf\" data-type=\"URL\" data-id=\"https:\/\/clarin-lt.lt\/wp-content\/uploads\/2025\/12\/CLARIN-LT-seminaras-2025.-Dambrauskas.-LITUND.-Lietuviu-kalbos-tekstynas-nepatikimu-naujienu-atpazinimui.pdf\">PDF<\/a><\/p>\n\n\n\n<p>Edgaras Dambrauskas<strong> <\/strong>(VDU, SITTI)<\/p>\n\n\n\n<p><strong>12:40\u201313:00 Neapykantos kalbos tekstynas lietuvi\u0173 kalbai: i\u0161\u0161\u016bkiai ir rezultatai<\/strong> <a href=\"https:\/\/clarin-lt.lt\/wp-content\/uploads\/2025\/12\/CLARIN-LT-seminaras-2025.-Butkiene.-Neapykantos-kalbos-tekstynas-lietuviu-kalbai.-Issukiai-ir-rezultatai.pdf\">PDF<\/a><\/p>\n\n\n\n<p>Rita Butkien\u0117 (KTU) <\/p>\n\n\n\n<p><strong>13:00\u201313:30 Diskusija<\/strong><\/p>\n\n\n\n<hr class=\"wp-block-separator\"\/>\n\n\n\n<div class=\"wp-block-media-text alignwide has-media-on-the-right is-stacked-on-mobile\" style=\"grid-template-columns:auto 46%\"><figure class=\"wp-block-media-text__media\"><img loading=\"lazy\" decoding=\"async\" width=\"1024\" height=\"1024\" src=\"https:\/\/clarin-lt.lt\/wp-content\/uploads\/2025\/09\/Black-Modern-Fashion-Girl-Photo-Collage-Facebook-Shops-Cover-Square-1024x1024.jpg\" alt=\"\" class=\"wp-image-3037 size-full\" srcset=\"https:\/\/clarin-lt.lt\/wp-content\/uploads\/2025\/09\/Black-Modern-Fashion-Girl-Photo-Collage-Facebook-Shops-Cover-Square-1024x1024.jpg 1024w, https:\/\/clarin-lt.lt\/wp-content\/uploads\/2025\/09\/Black-Modern-Fashion-Girl-Photo-Collage-Facebook-Shops-Cover-Square-300x300.jpg 300w, https:\/\/clarin-lt.lt\/wp-content\/uploads\/2025\/09\/Black-Modern-Fashion-Girl-Photo-Collage-Facebook-Shops-Cover-Square-150x150.jpg 150w, https:\/\/clarin-lt.lt\/wp-content\/uploads\/2025\/09\/Black-Modern-Fashion-Girl-Photo-Collage-Facebook-Shops-Cover-Square-768x768.jpg 768w, https:\/\/clarin-lt.lt\/wp-content\/uploads\/2025\/09\/Black-Modern-Fashion-Girl-Photo-Collage-Facebook-Shops-Cover-Square-1536x1536.jpg 1536w, https:\/\/clarin-lt.lt\/wp-content\/uploads\/2025\/09\/Black-Modern-Fashion-Girl-Photo-Collage-Facebook-Shops-Cover-Square-2048x2048.jpg 2048w, https:\/\/clarin-lt.lt\/wp-content\/uploads\/2025\/09\/Black-Modern-Fashion-Girl-Photo-Collage-Facebook-Shops-Cover-Square-100x100.jpg 100w, https:\/\/clarin-lt.lt\/wp-content\/uploads\/2025\/09\/Black-Modern-Fashion-Girl-Photo-Collage-Facebook-Shops-Cover-Square-200x200.jpg 200w, https:\/\/clarin-lt.lt\/wp-content\/uploads\/2025\/09\/Black-Modern-Fashion-Girl-Photo-Collage-Facebook-Shops-Cover-Square-450x450.jpg 450w, https:\/\/clarin-lt.lt\/wp-content\/uploads\/2025\/09\/Black-Modern-Fashion-Girl-Photo-Collage-Facebook-Shops-Cover-Square-600x600.jpg 600w, https:\/\/clarin-lt.lt\/wp-content\/uploads\/2025\/09\/Black-Modern-Fashion-Girl-Photo-Collage-Facebook-Shops-Cover-Square-900x900.jpg 900w\" sizes=\"auto, (max-width: 1024px) 100vw, 1024px\" \/><\/figure><div class=\"wp-block-media-text__content\">\n<h2 class=\"wp-block-heading\"><strong><em>7-oji tarptautin\u0117 taikomosios kalbotyros konferencija \u201eKalbos ir \u017emon\u0117s\u201c<\/em><\/strong><\/h2>\n\n\n\n<p><strong>Konferencijos organizatoriai: <\/strong>Lietuvos taikomosios kalbotyros asociacija <a href=\"https:\/\/litaka.lt\/\" data-type=\"URL\" data-id=\"https:\/\/litaka.lt\/\">LITAKA<\/a>, VU Filologijos fakulteto Taikomosios kalbotyros instituto Lituanistini\u0173 studij\u0173 katedra<\/p>\n\n\n\n<p><strong>Konferencijos data:<\/strong> 2025 rugs\u0117jo 25\u201327 d.<\/p>\n\n\n\n<p><strong>Konferencijos vieta: <\/strong>Vilniaus universiteto Filologijos fakultetas (Universiteto g. 5, Vilnius)<\/p>\n\n\n\n<p><strong><a href=\"https:\/\/drive.google.com\/file\/d\/1fXWyLhddIXqFOb8_NIEnjLQ2DCJ3tERU\/view\" data-type=\"URL\" data-id=\"https:\/\/drive.google.com\/file\/d\/1fXWyLhddIXqFOb8_NIEnjLQ2DCJ3tERU\/view\">Konferencijos programa<\/a><\/strong><\/p>\n\n\n\n<p><a href=\"https:\/\/drive.google.com\/file\/d\/1ts8Je0YbXAn5vszQC4vHoF3V6E__8Ihg\/view\" data-type=\"URL\" data-id=\"https:\/\/drive.google.com\/file\/d\/1ts8Je0YbXAn5vszQC4vHoF3V6E__8Ihg\/view\">Konferencijos santraukos<\/a><\/p>\n<\/div><\/div>\n\n\n\n<p>Konferencijoje \u201eKalbos ir \u017emon\u0117s\u201c pristatomi naujausi lingvistiniai tyrimai i\u0161: kognityvin\u0117s lingvistikos,&nbsp;psicholingvistikos, sociolingvistikos, kalb\u0173 politikos, diskurso analiz\u0117s, lingvistin\u0117s pragmatikos, vertimo, kalb\u0173 mokymo ir mokymosi, kalb\u0173 \u012fsisavinimo, kalb\u0173 testavimo, tekstyn\u0173 lingvistikos, gestotyros ir kit\u0173 sri\u010di\u0173.<\/p>\n\n\n\n<h2 class=\"wp-block-heading\"><strong>CLARIN-LT TYR\u0116J\u0172 PRISTATYMAI<\/strong><\/h2>\n\n\n\n<p>(2025 m. rugs\u0117jo 25 d.)<\/p>\n\n\n\n<p><strong>15:30\u201316:00 val. Lietuvi\u0173 kalbos tekstynai atvirosios prieigos saugykloje CLARIN-LT<\/strong> <a href=\"https:\/\/clarin-lt.lt\/wp-content\/uploads\/2025\/09\/E.-Rimkute-J.-Kovalevskaite-J.-Vaicenoniene-Plakatas_spaudai-1.pdf\" data-type=\"URL\" data-id=\"https:\/\/clarin-lt.lt\/wp-content\/uploads\/2025\/09\/E.-Rimkute-J.-Kovalevskaite-J.-Vaicenoniene-Plakatas_spaudai-1.pdf\">PDF<\/a><\/p>\n\n\n\n<p>Erika Rimkut\u0117 (VDU, SITTI), Jolanta Kovalevskait\u0117 (VDU, SITTI) ir Jurgita Vai\u010denonien\u0117 (VDU, SITTI)<\/p>\n\n\n\n<p><\/p>\n\n\n\n<p><strong>16:00\u201318:30 val. Data matters: Data management and storage for humanities with CLARIN-LT<\/strong><\/p>\n\n\n\n<p>Kolokvium\u0105 ved\u0117 Jurgita Vai\u010denonien\u0117 (VDU, SITTI), Andrius Utka (VDU, SITTI), Sigita Rackevi\u010dien\u0117 (MRU)<\/p>\n\n\n\n<p><strong>From plans to impact: Data management plans for humanities scholars <a href=\"https:\/\/clarin-lt.lt\/wp-content\/uploads\/2025\/09\/Jurgita-Vaicenoniene-From-Plans-to-Impact.pptx.pdf\" data-type=\"URL\" data-id=\"https:\/\/clarin-lt.lt\/wp-content\/uploads\/2025\/09\/Jurgita-Vaicenoniene-From-Plans-to-Impact.pptx.pdf\">PDF<\/a><\/strong><\/p>\n\n\n\n<p>Jurgita Vai\u010denonien\u0117 (VDU, SITTI)<\/p>\n\n\n\n<p><strong>10 years of support for Lithuanian language research: An overview of the CLARIN-LT repository <a href=\"https:\/\/clarin-lt.lt\/wp-content\/uploads\/2025\/09\/A_Utka-10_years_of_support-CLARIN-LT-2.pdf\" data-type=\"URL\" data-id=\"https:\/\/clarin-lt.lt\/wp-content\/uploads\/2025\/09\/A_Utka-10_years_of_support-CLARIN-LT-2.pdf\">PDF<\/a><\/strong><\/p>\n\n\n\n<p>Andrius Utka (VDU, SITTI)<\/p>\n\n\n\n<p><strong>English-Lithuanian language resources for the cybersecurity domain<\/strong> <a href=\"https:\/\/clarin-lt.lt\/wp-content\/uploads\/2025\/10\/LITAKA2025_EN-LT_LR_for_CS.pdf\" data-type=\"URL\" data-id=\"https:\/\/clarin-lt.lt\/wp-content\/uploads\/2025\/10\/LITAKA2025_EN-LT_LR_for_CS.pdf\">PDF<\/a><\/p>\n\n\n\n<p>Sigita Rackevi\u010dien\u0117 (MRU)<\/p>\n\n\n\n<hr class=\"wp-block-separator\"\/>\n\n\n\n<div class=\"wp-block-media-text alignwide has-media-on-the-right is-stacked-on-mobile\" style=\"grid-template-columns:auto 43%\"><figure class=\"wp-block-media-text__media\"><img loading=\"lazy\" decoding=\"async\" width=\"1024\" height=\"1024\" src=\"https:\/\/clarin-lt.lt\/wp-content\/uploads\/2024\/11\/4-1-1024x1024.png\" alt=\"\" class=\"wp-image-1447 size-full\" srcset=\"https:\/\/clarin-lt.lt\/wp-content\/uploads\/2024\/11\/4-1-1024x1024.png 1024w, https:\/\/clarin-lt.lt\/wp-content\/uploads\/2024\/11\/4-1-300x300.png 300w, https:\/\/clarin-lt.lt\/wp-content\/uploads\/2024\/11\/4-1-150x150.png 150w, https:\/\/clarin-lt.lt\/wp-content\/uploads\/2024\/11\/4-1-768x768.png 768w, https:\/\/clarin-lt.lt\/wp-content\/uploads\/2024\/11\/4-1-1536x1536.png 1536w, https:\/\/clarin-lt.lt\/wp-content\/uploads\/2024\/11\/4-1-100x100.png 100w, https:\/\/clarin-lt.lt\/wp-content\/uploads\/2024\/11\/4-1-200x200.png 200w, https:\/\/clarin-lt.lt\/wp-content\/uploads\/2024\/11\/4-1-450x450.png 450w, https:\/\/clarin-lt.lt\/wp-content\/uploads\/2024\/11\/4-1-600x600.png 600w, https:\/\/clarin-lt.lt\/wp-content\/uploads\/2024\/11\/4-1-900x900.png 900w, https:\/\/clarin-lt.lt\/wp-content\/uploads\/2024\/11\/4-1.png 1960w\" sizes=\"auto, (max-width: 1024px) 100vw, 1024px\" \/><\/figure><div class=\"wp-block-media-text__content\">\n<h2 class=\"wp-block-heading\"><em><strong>Mokslini\u0173 tyrim\u0173 infrastrukt\u016bra CLARIN-LT: atviros prieigos i\u0161tekliai ir projektai socialini\u0173 ir humanitarini\u0173 moksl\u0173 tyrimams<\/strong><\/em>   <\/h2>\n\n\n\n<p><strong>Seminaro organizatoriai:<\/strong> <a rel=\"noreferrer noopener\" href=\"https:\/\/clarin-lt.lt\/\" target=\"_blank\">CLARIN-LT<\/a> konsorciumas <\/p>\n\n\n\n<p><strong>Seminaro data: 2024 m. gruod\u017eio 16 d. 14:00 val<\/strong>. <\/p>\n\n\n\n<p><strong>Vieta: <\/strong>V. Putvinskio g. 23-310, Kaunas<\/p>\n\n\n\n<p><strong>Negalintys atvykti, prane\u0161im\u0173 gal\u0117s klausytis \u0161ia <\/strong><a href=\"https:\/\/teams.microsoft.com\/l\/meetup-join\/19%3ameeting_NTg0OTgxOGYtNTc4NS00NmFiLWI4NjctY2E2MTQwNTJjYzg1%40thread.v2\/0?context=%7b%22Tid%22%3a%2210701389-4f5b-4078-baea-209e39c6210e%22%2c%22Oid%22%3a%22df0bc540-bce3-4912-a641-97446d09ffbb%22%7d\"><strong>nuoroda<\/strong><\/a><\/p>\n\n\n\n<p><strong>Registruokit\u0117s \u012f rengin\u012f<\/strong> <strong>paspaud\u0119 <a href=\"https:\/\/forms.gle\/M5SWKfaJKu2xECqJ9\" data-type=\"URL\" data-id=\"https:\/\/forms.gle\/M5SWKfaJKu2xECqJ9\">\u010dia<\/a>. <\/strong><\/p>\n\n\n\n<p><\/p>\n<\/div><\/div>\n\n\n\n<p>\u0160v\u0119sdami CLARIN-LT 10-met\u012f, ap\u017evelgsime naujausius projektus ir kuriamus atviros prieigos lietuvi\u0173 kalbos i\u0161teklius, skatinan\u010dius efektyvesn\u012f duomen\u0173 panaudojim\u0105 akademin\u0117je ir \u0161vietimo veiklose. Tikim\u0117s, kad pristatomi i\u0161tekliai sudomins socialini\u0173 ir humanitarini\u0173 moksl\u0173 tyr\u0117jus, d\u0117stytojus ir studentus.<\/p>\n\n\n\n<p> <\/p>\n\n\n\n<h2 class=\"wp-block-heading\">SEMINARO PROGRAMA <\/h2>\n\n\n\n<p><strong>14:00\u201314:05<\/strong> <strong>\u012evadinis \u017eodis<\/strong><\/p>\n\n\n\n<p>Jurgita Vai\u010denonien\u0117 (VDU, SITTI)&nbsp;<\/p>\n\n\n\n<p> <\/p>\n\n\n\n<p><strong>14:05\u201314:15<\/strong> <strong>CLARIN-LT: Naryst\u0117s tarptautin\u0117je mokslini\u0173 tyrim\u0173 infrastrukt\u016broje CLARIN-ERIC plano \u012fgyvendinimas<\/strong> <strong><a rel=\"noreferrer noopener\" href=\"https:\/\/clarin-lt.lt\/wp-content\/uploads\/2024\/12\/Clarin-2024-12-16.pdf\" data-type=\"URL\" data-id=\"https:\/\/clarin-lt.lt\/wp-content\/uploads\/2024\/12\/Clarin-2024-12-16.pdf\" target=\"_blank\">PDF<\/a><\/strong><\/p>\n\n\n\n<p>Andrius Utka (VDU, SITTI)&nbsp;<\/p>\n\n\n\n<p> <\/p>\n\n\n\n<p><strong>14:15\u201314:25<\/strong> <strong>Morfologi\u0161kai ir sintaksi\u0161kai anotuot\u0173 tekstyn\u0173 rengimo i\u0161\u0161\u016bkiai: nuo \u017eod\u017eio sampratos iki redagavimo \u012franki\u0173 pasirinkimo<\/strong> <strong><a rel=\"noreferrer noopener\" href=\"https:\/\/clarin-lt.lt\/wp-content\/uploads\/2024\/12\/Morfologiskai-ir-sintaksiskai-anotuotu-tekstynu-rengimo-issukiai.pdf\" data-type=\"URL\" data-id=\"https:\/\/clarin-lt.lt\/wp-content\/uploads\/2024\/12\/Morfologiskai-ir-sintaksiskai-anotuotu-tekstynu-rengimo-issukiai.pdf\" target=\"_blank\">PDF<\/a><\/strong><\/p>\n\n\n\n<p>Erika Rimkut\u0117 (VDU, SITTI)<\/p>\n\n\n\n<p> <\/p>\n\n\n\n<p><strong>14:25\u201314:35<\/strong> <strong>Lygiagretus lietuvi\u0173-angl\u0173 teis\u0117s kalbos tekstynas \u2013 naujas i\u0161teklius studijoms ir tyrimams<\/strong> <strong><a rel=\"noreferrer noopener\" href=\"https:\/\/clarin-lt.lt\/wp-content\/uploads\/2024\/12\/LT-ENG-teises-kalbos-tekstynas_CLARIN_RJ_20241216-2.pdf\" data-type=\"URL\" data-id=\"https:\/\/clarin-lt.lt\/wp-content\/uploads\/2024\/12\/LT-ENG-teises-kalbos-tekstynas_CLARIN_RJ_20241216-2.pdf\" target=\"_blank\">PDF<\/a><\/strong><\/p>\n\n\n\n<p>Rita Juknevi\u010dien\u0117 (VU) ir Modestas Tala\u010dka (VU)<\/p>\n\n\n\n<p> <\/p>\n\n\n\n<p><strong>14:35\u201314:45<\/strong> <strong>Kibernetinio saugumo sinonimini\u0173 termin\u0173 vertinimo apklausos duomenynas<\/strong> <strong><a rel=\"noreferrer noopener\" href=\"https:\/\/clarin-lt.lt\/wp-content\/uploads\/2024\/12\/KS_sinoniminiu_terminu_vertinimo_apklausos_duomenynas20241216-Kaunas.pdf\" data-type=\"URL\" data-id=\"https:\/\/clarin-lt.lt\/wp-content\/uploads\/2024\/12\/KS_sinoniminiu_terminu_vertinimo_apklausos_duomenynas20241216-Kaunas.pdf\" target=\"_blank\">PDF<\/a><\/strong><\/p>\n\n\n\n<p>Sigita Rackevi\u010dien\u0117 (MRU) &nbsp;<\/p>\n\n\n\n<p> <\/p>\n\n\n\n<p><strong>14:45\u201315:00<\/strong> <strong>Klausimai prane\u0161\u0117jams<\/strong><\/p>\n\n\n\n<p> <\/p>\n\n\n\n<p><strong>15:00\u201315:30<\/strong> <strong>Bendravimas ir diskusija<\/strong><\/p>\n\n\n\n<p><\/p>\n\n\n\n<p><\/p>\n\n\n\n<hr class=\"wp-block-separator\"\/>\n\n\n\n<div class=\"wp-block-media-text alignwide has-media-on-the-right is-stacked-on-mobile is-vertically-aligned-top\" style=\"grid-template-columns:auto 43%\"><figure class=\"wp-block-media-text__media\"><img loading=\"lazy\" decoding=\"async\" width=\"1024\" height=\"683\" src=\"https:\/\/clarin-lt.lt\/wp-content\/uploads\/2022\/02\/7F4A1575-2-1024x683.jpg\" alt=\"\" class=\"wp-image-1054 size-full\" srcset=\"https:\/\/clarin-lt.lt\/wp-content\/uploads\/2022\/02\/7F4A1575-2-1024x683.jpg 1024w, https:\/\/clarin-lt.lt\/wp-content\/uploads\/2022\/02\/7F4A1575-2-300x200.jpg 300w, https:\/\/clarin-lt.lt\/wp-content\/uploads\/2022\/02\/7F4A1575-2-768x512.jpg 768w, https:\/\/clarin-lt.lt\/wp-content\/uploads\/2022\/02\/7F4A1575-2-1536x1024.jpg 1536w, https:\/\/clarin-lt.lt\/wp-content\/uploads\/2022\/02\/7F4A1575-2-100x67.jpg 100w, https:\/\/clarin-lt.lt\/wp-content\/uploads\/2022\/02\/7F4A1575-2-150x100.jpg 150w, https:\/\/clarin-lt.lt\/wp-content\/uploads\/2022\/02\/7F4A1575-2-200x133.jpg 200w, https:\/\/clarin-lt.lt\/wp-content\/uploads\/2022\/02\/7F4A1575-2-450x300.jpg 450w, https:\/\/clarin-lt.lt\/wp-content\/uploads\/2022\/02\/7F4A1575-2-600x400.jpg 600w, https:\/\/clarin-lt.lt\/wp-content\/uploads\/2022\/02\/7F4A1575-2-900x600.jpg 900w, https:\/\/clarin-lt.lt\/wp-content\/uploads\/2022\/02\/7F4A1575-2.jpg 2048w\" sizes=\"auto, (max-width: 1024px) 100vw, 1024px\" \/><\/figure><div class=\"wp-block-media-text__content\">\n<h2 class=\"wp-block-heading\"><em><strong>CLARIN-LT: naujausi skaitmeniniai i\u0161tekliai ir tyrimai<\/strong><\/em><\/h2>\n\n\n\n<p><strong>Seminaro organizatoriai:<\/strong> <a rel=\"noreferrer noopener\" href=\"https:\/\/clarin-lt.lt\/\" target=\"_blank\">CLARIN-LT<\/a> konsorciumas<\/p>\n\n\n\n<p><strong>Seminaro data: 2022 m. kovo 18 d. 10.00 val<\/strong>.<\/p>\n\n\n\n<p><strong>Registracija iki kovo 17 d. 14:00 <\/strong><a href=\"https:\/\/forms.gle\/RNijnoWB3W1G76Eq9\">(https:\/\/forms.gle\/RNijnoWB3W1G76Eq9<\/a>. <\/p>\n\n\n\n<p> <\/p>\n<\/div><\/div>\n\n\n\n<p><span class=\"NormalTextRun SCXW117825665 BCX0\">Mokslinio seminaro tikslas \u2013 pristatyti CLARIN-LT nacionalinio konsorciumo tyr\u0117j\u0173 vykdomus projektus ir kuriamus atviros prieigos lietuvi\u0173 kalbos ir istorijos i\u0161teklius, naudingus socialini\u0173 ir humanitarini\u0173 moksl\u0173 tyr\u0117jams, d\u0117stytojams ir studentams.<\/span><\/p>\n\n\n\n<p><\/p>\n\n\n\n<h2 class=\"wp-block-heading\">SEMINARO PROGRAMA<\/h2>\n\n\n\n<p><b><span data-contrast=\"auto\">10:00\u201310:05<\/span><\/b> <b><span data-contrast=\"auto\">\u012evadinis \u017eodis&nbsp;<\/span><\/b><span data-contrast=\"auto\">&nbsp;<\/span><\/p>\n\n\n\n<p><span data-contrast=\"auto\">R\u016bta Petrauskait\u0117 (VDU, SITTI)<\/span><span data-ccp-props=\"{&quot;201341983&quot;:0,&quot;335551550&quot;:6,&quot;335551620&quot;:6,&quot;335559731&quot;:1296,&quot;335559739&quot;:160,&quot;335559740&quot;:259}\">&nbsp;<\/span><\/p>\n\n\n\n<p><b><span data-contrast=\"auto\">10:05\u201310:15<\/span><\/b> <b><span data-contrast=\"auto\">CLARIN-LT konsorciumo prisistatymas&nbsp;<\/span><\/b><span data-contrast=\"auto\">&nbsp;<\/span><\/p>\n\n\n\n<p><b><span data-contrast=\"auto\">10:15\u201310:30<\/span><\/b> <b><span data-contrast=\"auto\">CLARIN-LT paslaugos socialini\u0173 ir humanitarini\u0173 moksl\u0173 tyr\u0117jams&nbsp;<\/span><\/b><span data-contrast=\"auto\">&nbsp;<\/span><a href=\"https:\/\/clarin-lt.lt\/wp-content\/uploads\/2022\/03\/VDU-J_Vaicenoniene.pdf\" target=\"_blank\" rel=\"noreferrer noopener\"><img loading=\"lazy\" decoding=\"async\" width=\"40\" height=\"45\" class=\"wp-image-1092\" style=\"width: 40px;\" src=\"https:\/\/clarin-lt.lt\/wp-content\/uploads\/2022\/03\/Capture-e1647611895293.png\" alt=\"\"><\/a><\/p>\n\n\n\n<p><span data-contrast=\"auto\">&nbsp;Jurgita Vai\u010denonien\u0117 (VDU)<\/span><span data-ccp-props=\"{&quot;201341983&quot;:0,&quot;335551550&quot;:6,&quot;335551620&quot;:6,&quot;335559731&quot;:1296,&quot;335559739&quot;:160,&quot;335559740&quot;:259}\">&nbsp;<\/span><\/p>\n\n\n\n<p><b><span data-contrast=\"auto\">10:30\u201310:45<\/span><\/b> <b><span data-contrast=\"auto\">ParlaMint<\/span><\/b><span data-contrast=\"auto\">: <\/span><b><span data-contrast=\"auto\">Lyginamasis Europos \u0161ali\u0173 parlament\u0173 debat\u0173 stenogram\u0173 tekstynas<\/span><\/b><span data-contrast=\"auto\">&nbsp;<\/span><a rel=\"noreferrer noopener\" href=\"https:\/\/clarin-lt.lt\/wp-content\/uploads\/2022\/03\/KTU-V_Morkevicius.pdf\" target=\"_blank\"><img loading=\"lazy\" decoding=\"async\" width=\"40\" height=\"45\" class=\"wp-image-1092\" style=\"width: 40px;\" src=\"https:\/\/clarin-lt.lt\/wp-content\/uploads\/2022\/03\/Capture-e1647611895293.png\" alt=\"\"><\/a><\/p>\n\n\n\n<p><span data-contrast=\"auto\">Vaidas Morkevi\u010dius (KTU)<\/span><span data-ccp-props=\"{&quot;201341983&quot;:0,&quot;335551550&quot;:6,&quot;335551620&quot;:6,&quot;335559731&quot;:1296,&quot;335559739&quot;:160,&quot;335559740&quot;:259}\">&nbsp;<\/span><\/p>\n\n\n\n<p><b><span data-contrast=\"auto\">10:45\u201311:00<\/span><\/b> <b><span data-contrast=\"auto\">DVITAS<\/span><\/b><span data-contrast=\"auto\">:&nbsp; <\/span><b><span data-contrast=\"auto\">Dvikalbis automatinis termin\u0173 atpa\u017einimas<\/span><\/b><span data-contrast=\"auto\">&nbsp;<\/span> <a href=\"https:\/\/clarin-lt.lt\/wp-content\/uploads\/2022\/03\/VDU-Utka_ir_Rackeviciene.pdf\" target=\"_blank\" rel=\"noreferrer noopener\"><img loading=\"lazy\" decoding=\"async\" width=\"40\" height=\"45\" class=\"wp-image-1092\" style=\"width: 40px;\" src=\"https:\/\/clarin-lt.lt\/wp-content\/uploads\/2022\/03\/Capture-e1647611895293.png\" alt=\"\"><\/a><\/p>\n\n\n\n<p><span data-contrast=\"auto\">&nbsp;Andrius Utka (VDU), Sigita Rackevi\u010dien\u0117 (MRU)<\/span> <span data-ccp-props=\"{&quot;201341983&quot;:0,&quot;335551550&quot;:6,&quot;335551620&quot;:6,&quot;335559731&quot;:1296,&quot;335559739&quot;:160,&quot;335559740&quot;:259}\">&nbsp;<\/span><\/p>\n\n\n\n<p><b><span data-contrast=\"auto\">11:00\u201311:15<\/span><\/b> <b><span data-contrast=\"none\">Lietuvi\u0173 kalbos arbitraliosios kolokacijos ir joms skirti i\u0161tekliai<\/span><\/b><span data-contrast=\"none\">&nbsp;<\/span> <a href=\"https:\/\/clarin-lt.lt\/wp-content\/uploads\/2022\/03\/VDU-E_Rimkute.pdf\" target=\"_blank\" rel=\"noreferrer noopener\"><img loading=\"lazy\" decoding=\"async\" width=\"40\" height=\"45\" class=\"wp-image-1092\" style=\"width: 40px;\" src=\"https:\/\/clarin-lt.lt\/wp-content\/uploads\/2022\/03\/Capture-e1647611895293.png\" alt=\"\"><\/a><\/p>\n\n\n\n<p><span data-contrast=\"none\">Erika Rimkut\u0117 (VDU), Jolanta Kovalevskait\u0117&nbsp; (VDU)<\/span><span data-ccp-props=\"{&quot;201341983&quot;:0,&quot;335551550&quot;:6,&quot;335551620&quot;:6,&quot;335559731&quot;:1296,&quot;335559739&quot;:160,&quot;335559740&quot;:259}\">&nbsp;<\/span><\/p>\n\n\n\n<p><b><span data-contrast=\"none\">11:15\u201311:30<\/span><\/b> <b><span data-contrast=\"none\">Baltijos regiono istorijos ir archeologijos institute kuriami i\u0161tekliai<\/span><\/b><span data-contrast=\"none\">&nbsp;<\/span> <a href=\"https:\/\/clarin-lt.lt\/wp-content\/uploads\/2022\/03\/BRIAI-V_Vaivada.pdf\"><img loading=\"lazy\" decoding=\"async\" width=\"40\" height=\"45\" class=\"wp-image-1092\" style=\"width: 40px;\" src=\"https:\/\/clarin-lt.lt\/wp-content\/uploads\/2022\/03\/Capture-e1647611895293.png\" alt=\"\"><\/a><\/p>\n\n\n\n<p><span data-contrast=\"none\">Vacys Vaivada (KU)<\/span><span data-ccp-props=\"{&quot;201341983&quot;:0,&quot;335551550&quot;:6,&quot;335551620&quot;:6,&quot;335559731&quot;:1296,&quot;335559739&quot;:160,&quot;335559740&quot;:259}\">&nbsp;<\/span><\/p>\n\n\n\n<p><b><span data-contrast=\"none\">11:30\u201311:45<\/span><\/b> <b><span data-contrast=\"none\">I\u0161 u\u017esienio atvykusi\u0173 vaik\u0173 kalbos tekstynas: lietuvi\u0173 kalba kaip pirmoji, <\/span><\/b> <b><span data-contrast=\"none\">antroji ar svetimoji?<\/span><\/b><span data-contrast=\"none\">&nbsp;<\/span> <a href=\"https:\/\/clarin-lt.lt\/wp-content\/uploads\/2022\/03\/VU-R_Jukneviciene.pdf\" target=\"_blank\" rel=\"noreferrer noopener\"><img loading=\"lazy\" decoding=\"async\" width=\"40\" height=\"45\" class=\"wp-image-1092\" style=\"width: 40px;\" src=\"https:\/\/clarin-lt.lt\/wp-content\/uploads\/2022\/03\/Capture-e1647611895293.png\" alt=\"\"><\/a><\/p>\n\n\n\n<p><span data-contrast=\"none\">Rita Juknevi\u010dien\u0117 (VU)<\/span><span data-ccp-props=\"{&quot;201341983&quot;:0,&quot;335551550&quot;:6,&quot;335551620&quot;:6,&quot;335559731&quot;:1296,&quot;335559739&quot;:160,&quot;335559740&quot;:259}\">&nbsp;<\/span><\/p>\n\n\n\n<p><b><span data-contrast=\"auto\">11:45<\/span><\/b><b><span data-contrast=\"none\">\u2013<\/span><\/b><b><span data-contrast=\"auto\">12:15<\/span><\/b> <b><span data-contrast=\"auto\">Diskusija<\/span><\/b><span data-contrast=\"auto\">&nbsp;<\/span><\/p>\n\n\n\n<hr class=\"wp-block-separator\"\/>\n\n\n\n<h2 class=\"wp-block-heading\"><em><strong>Socialini\u0173 medij\u0173 i\u0161tekli\u0173 k\u016brimas ir naudojimas<a href=\"https:\/\/clarin-lt.lt\/wp-content\/uploads\/2017\/02\/word-cloud.png\" rel=\"attachment wp-att-545\"><img loading=\"lazy\" decoding=\"async\" class=\"size-medium wp-image-545 alignright\" src=\"https:\/\/clarin-lt.lt\/wp-content\/uploads\/2017\/02\/word-cloud-300x187.png\" alt=\"word-cloud\" width=\"300\" height=\"187\" srcset=\"https:\/\/clarin-lt.lt\/wp-content\/uploads\/2017\/02\/word-cloud-300x187.png 300w, https:\/\/clarin-lt.lt\/wp-content\/uploads\/2017\/02\/word-cloud-768x478.png 768w, https:\/\/clarin-lt.lt\/wp-content\/uploads\/2017\/02\/word-cloud-100x62.png 100w, https:\/\/clarin-lt.lt\/wp-content\/uploads\/2017\/02\/word-cloud-150x93.png 150w, https:\/\/clarin-lt.lt\/wp-content\/uploads\/2017\/02\/word-cloud-200x125.png 200w, https:\/\/clarin-lt.lt\/wp-content\/uploads\/2017\/02\/word-cloud-450x280.png 450w, https:\/\/clarin-lt.lt\/wp-content\/uploads\/2017\/02\/word-cloud-600x374.png 600w, https:\/\/clarin-lt.lt\/wp-content\/uploads\/2017\/02\/word-cloud-900x560.png 900w, https:\/\/clarin-lt.lt\/wp-content\/uploads\/2017\/02\/word-cloud.png 951w\" sizes=\"auto, (max-width: 300px) 100vw, 300px\" \/><\/a><\/strong><\/em><\/h2>\n\n\n\n<p>2017 m. gegu\u017e\u0117s 18-19 d. &#8220;Kauno&#8221; vie\u0161butyje, Kaune, vyks CLARIN-PLUS seminaras &nbsp;&#8220;Creation and Use of Social Media Resources&#8221;. Dalyviai \u012f seminar\u0105 yra nominuojami nacionalini\u0173 koordinatori\u0173.<\/p>\n\n\n\n<p>Daugiau informacijos <a href=\"https:\/\/www.clarin.eu\/event\/2017\/clarin-plus-workshop-%E2%80%9Ccreation-and-use-social-media-resources%E2%80%9D\">renginio tinklalapyje<\/a><\/p>\n\n\n\n<p>Seminare skaitytus prane\u0161imus galite pasir\u017ei\u016br\u0117ti &#8211;&nbsp;&nbsp;<a href=\"http:\/\/videolectures.net\/clarinplusworkshop2017_kaunas\/\">http:\/\/videolectures.net\/clarinplusworkshop2017_kaunas\/<\/a>.<\/p>\n\n\n\n<p><strong>Seminaro organizatoriai:<\/strong> Vytauto Did\u017eiojo universiteto Kompiuterin\u0117s lingvistikos centras, (CLARIN-LT centras)<\/p>\n\n\n\n<hr class=\"wp-block-separator\"\/>\n\n\n\n<h2 class=\"wp-block-heading\"><strong><em>Skaitmeniniai i\u0161tekliai humanitarini\u0173 ir socialini\u0173 moksl\u0173 tyr\u0117jams<\/em><\/strong><br><strong>CLARIN-LT SEMINARO PROGRAMA (<a href=\"https:\/\/clarin-lt.lt\/wp-content\/uploads\/2016\/11\/CLARiN-renginio_programa.pdf\">PDF<\/a>)<\/strong><\/h2>\n\n\n\n<p>2016 m. gruod\u017eio 9 d. 10 val., V. Putvinskio g. 23, 313 aud., Vytauto Did\u017eiojo universitetas, Kaunas<\/p>\n\n\n\n<p>Seminaras skirtas CLARIN-LT 2016 m. veiklai pristatyti ir diskusijai apie humanitarini\u0173 ir socialini\u0173 moksl\u0173 tyr\u0117j\u0173 l\u016bkes\u010dius kuriant ir naudojant skaitmeninius i\u0161teklius.<\/p>\n\n\n\n<p><strong>Seminaro organizatoriai:<\/strong> Vytauto Did\u017eiojo universiteto Kompiuterin\u0117s lingvistikos centras, (CLARIN-LT centras)<\/p>\n\n\n\n<div class=\"wp-block-image\"><figure class=\"alignright\"><a href=\"https:\/\/clarin-lt.lt\/wp-content\/uploads\/2016\/12\/14A_8618.jpg\" rel=\"attachment wp-att-489\"><img loading=\"lazy\" decoding=\"async\" width=\"300\" height=\"200\" src=\"https:\/\/clarin-lt.lt\/wp-content\/uploads\/2016\/12\/14A_8618-300x200.jpg\" alt=\"14a_8618\" class=\"wp-image-489\" srcset=\"https:\/\/clarin-lt.lt\/wp-content\/uploads\/2016\/12\/14A_8618-300x200.jpg 300w, https:\/\/clarin-lt.lt\/wp-content\/uploads\/2016\/12\/14A_8618-768x513.jpg 768w, https:\/\/clarin-lt.lt\/wp-content\/uploads\/2016\/12\/14A_8618-1024x684.jpg 1024w, https:\/\/clarin-lt.lt\/wp-content\/uploads\/2016\/12\/14A_8618-100x67.jpg 100w, https:\/\/clarin-lt.lt\/wp-content\/uploads\/2016\/12\/14A_8618-150x100.jpg 150w, https:\/\/clarin-lt.lt\/wp-content\/uploads\/2016\/12\/14A_8618-200x134.jpg 200w, https:\/\/clarin-lt.lt\/wp-content\/uploads\/2016\/12\/14A_8618-450x300.jpg 450w, https:\/\/clarin-lt.lt\/wp-content\/uploads\/2016\/12\/14A_8618-600x401.jpg 600w, https:\/\/clarin-lt.lt\/wp-content\/uploads\/2016\/12\/14A_8618-900x601.jpg 900w, https:\/\/clarin-lt.lt\/wp-content\/uploads\/2016\/12\/14A_8618.jpg 1600w\" sizes=\"auto, (max-width: 300px) 100vw, 300px\" \/><\/a><\/figure><\/div>\n\n\n\n<p><strong>10:00\u201310:30&nbsp;&nbsp;&nbsp;&nbsp; CLARIN ERIC generalin\u0117s asambl\u0117jos prezident\u0117s sveikinimo \u017eodis <\/strong><br>R\u016bta Petrauskait\u0117<\/p>\n\n\n\n<p><strong>10:30\u201311:00&nbsp;&nbsp;&nbsp;&nbsp; <a href=\"https:\/\/clarin-lt.lt\/wp-content\/uploads\/2016\/12\/A.Utka-CLARIN-LT_veikla_ir_planai-2016.pdf\">CLARIN-LT konsorciumo veikla ir planai<\/a>&nbsp;<a href=\"https:\/\/youtu.be\/d_sc5pi-MeY\" rel=\"attachment wp-att-554\"><img loading=\"lazy\" decoding=\"async\" class=\"wp-image-554 alignnone\" src=\"https:\/\/clarin-lt.lt\/wp-content\/uploads\/2017\/02\/youtube-header.png\" alt=\"youtube-header\" width=\"50\" height=\"24\" srcset=\"https:\/\/clarin-lt.lt\/wp-content\/uploads\/2017\/02\/youtube-header.png 251w, https:\/\/clarin-lt.lt\/wp-content\/uploads\/2017\/02\/youtube-header-100x48.png 100w, https:\/\/clarin-lt.lt\/wp-content\/uploads\/2017\/02\/youtube-header-150x72.png 150w, https:\/\/clarin-lt.lt\/wp-content\/uploads\/2017\/02\/youtube-header-200x96.png 200w\" sizes=\"auto, (max-width: 50px) 100vw, 50px\" \/><\/a><\/strong><br>Andrius Utka<\/p>\n\n\n\n<p><strong>11:00\u201311:30 Kavos pertrauk\u0117l\u0117<\/strong><\/p>\n\n\n\n<p><strong>11:30\u201311:45&nbsp;&nbsp;&nbsp;&nbsp; <a href=\"https:\/\/clarin-lt.lt\/wp-content\/uploads\/2016\/12\/T.Krilavicius-CLARIN-LT-2016.pdf\">CLARIN-LT repozitoriumas<\/a>&nbsp; &nbsp;<a href=\"https:\/\/youtu.be\/pGBDY68pTaw\" rel=\"attachment wp-att-554\"><img loading=\"lazy\" decoding=\"async\" class=\"alignnone wp-image-554\" src=\"https:\/\/clarin-lt.lt\/wp-content\/uploads\/2017\/02\/youtube-header.png\" alt=\"youtube-header\" width=\"50\" height=\"24\" srcset=\"https:\/\/clarin-lt.lt\/wp-content\/uploads\/2017\/02\/youtube-header.png 251w, https:\/\/clarin-lt.lt\/wp-content\/uploads\/2017\/02\/youtube-header-100x48.png 100w, https:\/\/clarin-lt.lt\/wp-content\/uploads\/2017\/02\/youtube-header-150x72.png 150w, https:\/\/clarin-lt.lt\/wp-content\/uploads\/2017\/02\/youtube-header-200x96.png 200w\" sizes=\"auto, (max-width: 50px) 100vw, 50px\" \/><\/a><\/strong><br>Tomas Krilavi\u010dius<\/p>\n\n\n\n<p><strong>11:45\u201312:00<\/strong>&nbsp;&nbsp;&nbsp;&nbsp; <strong><a href=\"https:\/\/clarin-lt.lt\/wp-content\/uploads\/2017\/01\/J.Vaicenoniene_et_al-Palyginamasis_originalios_ir_vertimu_lietuviu_k_tekstynas-CLARIN-LT-2016.pdf\" target=\"_blank\" rel=\"noopener\">Palyginamasis originalios ir vertim\u0173 lietuvi\u0173 kalbos tekstynas<\/a>&nbsp; &nbsp;<a href=\"https:\/\/youtu.be\/WnduUaZvoMA\" rel=\"attachment wp-att-554\"><img loading=\"lazy\" decoding=\"async\" class=\"alignnone wp-image-554\" src=\"https:\/\/clarin-lt.lt\/wp-content\/uploads\/2017\/02\/youtube-header.png\" alt=\"youtube-header\" width=\"50\" height=\"24\" srcset=\"https:\/\/clarin-lt.lt\/wp-content\/uploads\/2017\/02\/youtube-header.png 251w, https:\/\/clarin-lt.lt\/wp-content\/uploads\/2017\/02\/youtube-header-100x48.png 100w, https:\/\/clarin-lt.lt\/wp-content\/uploads\/2017\/02\/youtube-header-150x72.png 150w, https:\/\/clarin-lt.lt\/wp-content\/uploads\/2017\/02\/youtube-header-200x96.png 200w\" sizes=\"auto, (max-width: 50px) 100vw, 50px\" \/><\/a><\/strong><br>Jurgita Vai\u010denonien\u0117, Jolanta Kovalevskait\u0117, Teres\u0117 Ringailien\u0117<\/p>\n\n\n\n<p><strong>12:00\u201312:30&nbsp;&nbsp;&nbsp;&nbsp; <a href=\"https:\/\/clarin-lt.lt\/wp-content\/uploads\/2016\/12\/V.Dadurkevicius_et_al_VU_CLARIN_LT-2016.pdf\">Lietuvi\u0173 kalbos morfologijos duomen\u0173 baz\u0117s tobulinimo rezultatai<\/a>&nbsp; &nbsp;<a href=\"https:\/\/youtu.be\/2tiEPFpQGhc\" rel=\"attachment wp-att-554\"><img loading=\"lazy\" decoding=\"async\" class=\"alignnone wp-image-554\" src=\"https:\/\/clarin-lt.lt\/wp-content\/uploads\/2017\/02\/youtube-header.png\" alt=\"youtube-header\" width=\"50\" height=\"24\" srcset=\"https:\/\/clarin-lt.lt\/wp-content\/uploads\/2017\/02\/youtube-header.png 251w, https:\/\/clarin-lt.lt\/wp-content\/uploads\/2017\/02\/youtube-header-100x48.png 100w, https:\/\/clarin-lt.lt\/wp-content\/uploads\/2017\/02\/youtube-header-150x72.png 150w, https:\/\/clarin-lt.lt\/wp-content\/uploads\/2017\/02\/youtube-header-200x96.png 200w\" sizes=\"auto, (max-width: 50px) 100vw, 50px\" \/><\/a><\/strong><br>Virginijus Dadurkevi\u010dius, Ar\u016bnas Samuilis, Danielius Ralys, Jonas Vai\u010diulis, Franci\u0161ka Ralien\u0117<\/p>\n\n\n\n<p><strong>12:30\u201313:00&nbsp;&nbsp;&nbsp;&nbsp; <a href=\"https:\/\/clarin-lt.lt\/wp-content\/uploads\/2016\/12\/D_Amilevicius-CLARIN-LT-LITIS_v1-2016.pdf\">Socialinis skaitmeninis diskursas: nauji i\u0161\u0161\u016bkiai kompiuteriniams lingvistams ir kalbos technologams<\/a>&nbsp; &nbsp;&nbsp;<a href=\"https:\/\/youtu.be\/h-xDHy16Odk\" rel=\"attachment wp-att-554\"><img loading=\"lazy\" decoding=\"async\" class=\"alignnone wp-image-554\" src=\"https:\/\/clarin-lt.lt\/wp-content\/uploads\/2017\/02\/youtube-header.png\" alt=\"youtube-header\" width=\"50\" height=\"24\" srcset=\"https:\/\/clarin-lt.lt\/wp-content\/uploads\/2017\/02\/youtube-header.png 251w, https:\/\/clarin-lt.lt\/wp-content\/uploads\/2017\/02\/youtube-header-100x48.png 100w, https:\/\/clarin-lt.lt\/wp-content\/uploads\/2017\/02\/youtube-header-150x72.png 150w, https:\/\/clarin-lt.lt\/wp-content\/uploads\/2017\/02\/youtube-header-200x96.png 200w\" sizes=\"auto, (max-width: 50px) 100vw, 50px\" \/><\/a><\/strong><br>Darius Amilevi\u010dius<\/p>\n\n\n\n<p><strong>13:00\u201314:15 Piet\u0173 pertrauka<\/strong><\/p>\n\n\n\n<p><strong>14:15\u201314:45&nbsp;&nbsp;&nbsp;&nbsp; Lietuvi\u0173 kalbos leksin\u0117 semantin\u0117 ontologija LitWordNet \u2013 panaudos atvejai<\/strong><br>Daiva Vitkut\u0117-Ad\u017egauskien\u0117, Justinas Juozas Dainauskas<\/p>\n\n\n\n<p><strong>14:45\u201315:15&nbsp;&nbsp;&nbsp;&nbsp; <a href=\"https:\/\/clarin-lt.lt\/wp-content\/uploads\/2017\/01\/A.Bielinskiene-_CLARIN-LT-ALKSNIS-2016.pdf\">Lietuvi\u0173 kalbos sintaksi\u0161kai anotuotas tekstynas ALKSNIS: ateities perspektyvos<\/a>&nbsp; &nbsp;<a href=\"https:\/\/youtu.be\/hzvoZXr2DYo\" rel=\"attachment wp-att-554\"><img loading=\"lazy\" decoding=\"async\" class=\"alignnone wp-image-554\" src=\"https:\/\/clarin-lt.lt\/wp-content\/uploads\/2017\/02\/youtube-header.png\" alt=\"youtube-header\" width=\"50\" height=\"24\" srcset=\"https:\/\/clarin-lt.lt\/wp-content\/uploads\/2017\/02\/youtube-header.png 251w, https:\/\/clarin-lt.lt\/wp-content\/uploads\/2017\/02\/youtube-header-100x48.png 100w, https:\/\/clarin-lt.lt\/wp-content\/uploads\/2017\/02\/youtube-header-150x72.png 150w, https:\/\/clarin-lt.lt\/wp-content\/uploads\/2017\/02\/youtube-header-200x96.png 200w\" sizes=\"auto, (max-width: 50px) 100vw, 50px\" \/><\/a><\/strong><br>Agn\u0117 Bielinskien\u0117, Loic Bo\u00efzou, Jolanta Kovalevskait\u0117, Erika Rimkut\u0117<\/p>\n\n\n\n<p><strong>15:15\u201316:15 Kavos pertrauk\u0117l\u0117<\/strong><\/p>\n\n\n\n<p><strong>16:15\u201317:00 &nbsp;&nbsp;&nbsp; Apskritojo stalo diskusija<\/strong><br>Skaitmeniniai i\u0161tekliai humanitarini\u0173 ir socialini\u0173 moksl\u0173 tyr\u0117jams: poreikiai, bendradarbiavimas, gair\u0117s<\/p>\n\n\n\n<pre class=\"wp-block-code\"><code><\/code><\/pre>\n","protected":false},"excerpt":{"rendered":"<p>CLARIN-LT metinis seminaras: kalbos technologijos, i\u0161tekliai, tyrimai Seminaro organizatoriai: CLARIN-LT konsorciumas Seminaro data: 2025 m. gruod\u017eio 10 d. 11:00 val. Vieta: V. Putvinskio g. 23-312, Kaunas Negalintys atvykti, prane\u0161im\u0173 gal\u0117s klausytis \u0161ia nuoroda Registruokit\u0117s \u012f rengin\u012f paspaud\u0119 \u010dia. Seminaro tikslas<span class=\"ellipsis\">&hellip;<\/span><\/p>\n<div class=\"read-more\"><a href=\"https:\/\/clarin-lt.lt\/?page_id=2248\">Read more &#8250;<\/a><\/div>\n<p><!-- end of .read-more --><\/p>\n","protected":false},"author":2,"featured_media":0,"parent":0,"menu_order":0,"comment_status":"closed","ping_status":"closed","template":"full-width-page.php","meta":{"footnotes":""},"class_list":["post-2248","page","type-page","status-publish","hentry"],"_links":{"self":[{"href":"https:\/\/clarin-lt.lt\/index.php?rest_route=\/wp\/v2\/pages\/2248","targetHints":{"allow":["GET"]}}],"collection":[{"href":"https:\/\/clarin-lt.lt\/index.php?rest_route=\/wp\/v2\/pages"}],"about":[{"href":"https:\/\/clarin-lt.lt\/index.php?rest_route=\/wp\/v2\/types\/page"}],"author":[{"embeddable":true,"href":"https:\/\/clarin-lt.lt\/index.php?rest_route=\/wp\/v2\/users\/2"}],"replies":[{"embeddable":true,"href":"https:\/\/clarin-lt.lt\/index.php?rest_route=%2Fwp%2Fv2%2Fcomments&post=2248"}],"version-history":[{"count":27,"href":"https:\/\/clarin-lt.lt\/index.php?rest_route=\/wp\/v2\/pages\/2248\/revisions"}],"predecessor-version":[{"id":3384,"href":"https:\/\/clarin-lt.lt\/index.php?rest_route=\/wp\/v2\/pages\/2248\/revisions\/3384"}],"wp:attachment":[{"href":"https:\/\/clarin-lt.lt\/index.php?rest_route=%2Fwp%2Fv2%2Fmedia&parent=2248"}],"curies":[{"name":"wp","href":"https:\/\/api.w.org\/{rel}","templated":true}]}}